{"id":2473,"date":"2025-02-11T16:27:50","date_gmt":"2025-02-11T15:27:50","guid":{"rendered":"https:\/\/gewohnter-wandel.de\/?post_type=publikation&#038;p=2473"},"modified":"2025-02-11T16:27:51","modified_gmt":"2025-02-11T15:27:51","slug":"sozialraum-und-armut","status":"publish","type":"publikation","link":"https:\/\/gewohnter-wandel.de\/en\/publikation\/sozialraum-und-armut\/","title":{"rendered":"Sozialraum und Armut"},"content":{"rendered":"\n<p>Armut hat einen r\u00e4umlichen Bezug. Eine mangelhafte Ressourcenausstattung oder die Stigmatisierung von R\u00e4umen k\u00f6nnen Armut und Diskriminierung verst\u00e4rken. Der Beitrag betrachtet das Verh\u00e4ltnis von Sozialraum und physischem Raum in verschiedenen r\u00e4umlichen Dimensionen: Regionen und Bundesl\u00e4nder, Stadtviertel und Ortsteile, der Wohnung und anhand des den lokalen Raum \u00fcbergreifenden translokalen Sozialraums. Es wird aufgezeigt, dass die soziale Position von unter Armut leidenden Menschen sich nicht nur r\u00e4umlich widerspiegelt, sondern auch durch den Raum miterzeugt wird.<\/p>\n","protected":false},"excerpt":{"rendered":"<p>Armut hat einen r\u00e4umlichen Bezug. Eine mangelhafte Ressourcenausstattung oder die Stigmatisierung von R\u00e4umen k\u00f6nnen Armut und Diskriminierung verst\u00e4rken. Der Beitrag betrachtet das Verh\u00e4ltnis von Sozialraum und physischem Raum in verschiedenen r\u00e4umlichen Dimensionen: Regionen und Bundesl\u00e4nder, Stadtviertel und Ortsteile, der Wohnung und anhand des den lokalen Raum \u00fcbergreifenden translokalen Sozialraums. Es wird aufgezeigt, dass die soziale [&hellip;]<\/p>\n","protected":false},"featured_media":0,"template":"","meta":{"_acf_changed":true},"publication_category":[13],"class_list":["post-2473","publikation","type-publikation","status-publish","hentry","publication_category-veroeffentlichungen-aus-dem-kollegium"],"acf":[],"_links":{"self":[{"href":"https:\/\/gewohnter-wandel.de\/en\/wp-json\/wp\/v2\/publikation\/2473","targetHints":{"allow":["GET"]}}],"collection":[{"href":"https:\/\/gewohnter-wandel.de\/en\/wp-json\/wp\/v2\/publikation"}],"about":[{"href":"https:\/\/gewohnter-wandel.de\/en\/wp-json\/wp\/v2\/types\/publikation"}],"wp:attachment":[{"href":"https:\/\/gewohnter-wandel.de\/en\/wp-json\/wp\/v2\/media?parent=2473"}],"wp:term":[{"taxonomy":"publication_category","embeddable":true,"href":"https:\/\/gewohnter-wandel.de\/en\/wp-json\/wp\/v2\/publication_category?post=2473"}],"curies":[{"name":"wp","href":"https:\/\/api.w.org\/{rel}","templated":true}]}}