{"id":2477,"date":"2025-02-11T16:36:26","date_gmt":"2025-02-11T15:36:26","guid":{"rendered":"https:\/\/gewohnter-wandel.de\/?post_type=publikation&#038;p=2477"},"modified":"2025-02-11T16:36:27","modified_gmt":"2025-02-11T15:36:27","slug":"der-staat-als-adressat-staedtischer-sozialer-bewegungen-wohnungspolitische-kaempfe-und-postneoliberale-konstellationen","status":"publish","type":"publikation","link":"https:\/\/gewohnter-wandel.de\/en\/publikation\/der-staat-als-adressat-staedtischer-sozialer-bewegungen-wohnungspolitische-kaempfe-und-postneoliberale-konstellationen\/","title":{"rendered":"Der Staat als Adressat st\u00e4dtischer sozialer Bewegungen. Wohnungspolitische K\u00e4mpfe und postneoliberale Konstellationen"},"content":{"rendered":"\n<p>In Anbetracht der ambivalenten Rolle von st\u00e4dtischen sozialen Bewegungen in Hinblick auf ihr Potenzial, einen grundlegenden gesellschaftlichen Wandel anzusto\u00dfen, diskutiert der Beitrag das Verh\u00e4ltnis von wohnungspolitischen Protesten zu staatlichen Institutionen. Angesichts der R\u00fcckkehr der Wohnungsfrage ist es st\u00e4dtischen sozialen Bewegungen in den letzten Jahren vielerorts gelungen, Einfluss auf (lokal-)staatliche Wohnungspolitiken zu gewinnen. Allerdings konnten die dominanten Staatsapparate zugleich die Kernprinzipien neoliberalen Regierens, wie etwa die Privilegierung der profitorientierten Wohnungswirtschaft, Austerit\u00e4t in Bezug auf \u00f6ffentliche Ressourcen und Liegenschaften sowie der Vorrang von Marktmechanismen, erfolgreich institutionell absichern. Dadurch werden die Forderungen wohnungspolitischer Proteste, die auf einen Bruch mit marktorientierten Ans\u00e4tzen abzielen, h\u00e4ufig entweder entsch\u00e4rft oder in marktkonforme Ma\u00dfnahmen kanalisiert. Aus Sicht materialistischer Staatstheorie wird diese Konstellation als postneoliberal charakterisiert, da zwar hegemoniale Konsense br\u00f6ckeln, jedoch die strategische Selektivit\u00e4t der Staatsapparate, in die sich seit Jahrzehnten neoliberale Rationalit\u00e4ten und ein Regime der Austerit\u00e4t in materiell verdichteter Form eingeschrieben haben, bislang grundlegende wohnungspolitische Ver\u00e4nderungen blockieren.<\/p>\n","protected":false},"excerpt":{"rendered":"<p>In Anbetracht der ambivalenten Rolle von st\u00e4dtischen sozialen Bewegungen in Hinblick auf ihr Potenzial, einen grundlegenden gesellschaftlichen Wandel anzusto\u00dfen, diskutiert der Beitrag das Verh\u00e4ltnis von wohnungspolitischen Protesten zu staatlichen Institutionen. Angesichts der R\u00fcckkehr der Wohnungsfrage ist es st\u00e4dtischen sozialen Bewegungen in den letzten Jahren vielerorts gelungen, Einfluss auf (lokal-)staatliche Wohnungspolitiken zu gewinnen. Allerdings konnten die [&hellip;]<\/p>\n","protected":false},"featured_media":0,"template":"","meta":{"_acf_changed":true},"publication_category":[13],"class_list":["post-2477","publikation","type-publikation","status-publish","hentry","publication_category-veroeffentlichungen-aus-dem-kollegium"],"acf":[],"_links":{"self":[{"href":"https:\/\/gewohnter-wandel.de\/en\/wp-json\/wp\/v2\/publikation\/2477","targetHints":{"allow":["GET"]}}],"collection":[{"href":"https:\/\/gewohnter-wandel.de\/en\/wp-json\/wp\/v2\/publikation"}],"about":[{"href":"https:\/\/gewohnter-wandel.de\/en\/wp-json\/wp\/v2\/types\/publikation"}],"wp:attachment":[{"href":"https:\/\/gewohnter-wandel.de\/en\/wp-json\/wp\/v2\/media?parent=2477"}],"wp:term":[{"taxonomy":"publication_category","embeddable":true,"href":"https:\/\/gewohnter-wandel.de\/en\/wp-json\/wp\/v2\/publication_category?post=2477"}],"curies":[{"name":"wp","href":"https:\/\/api.w.org\/{rel}","templated":true}]}}