{"id":2483,"date":"2025-02-11T16:46:27","date_gmt":"2025-02-11T15:46:27","guid":{"rendered":"https:\/\/gewohnter-wandel.de\/?post_type=publikation&#038;p=2483"},"modified":"2025-02-11T16:46:28","modified_gmt":"2025-02-11T15:46:28","slug":"wohnungsfragen-ohne-ende-ressourcen-fuer-eine-soziale-wohnraumversorgung","status":"publish","type":"publikation","link":"https:\/\/gewohnter-wandel.de\/en\/publikation\/wohnungsfragen-ohne-ende-ressourcen-fuer-eine-soziale-wohnraumversorgung\/","title":{"rendered":"Wohnungsfrage(n) ohne Ende?! Ressourcen f\u00fcr eine soziale Wohnraumversorgung"},"content":{"rendered":"\n<p>Kurzbeschreibung: St\u00e4dte und Regionen sind mit einer Vielzahl an Wohnungsfragen konfrontiert: In wachsenden Metropolregionen und Mittelst\u00e4dten in Deutschland steigen Mieten und Bodenpreise seit Jahren. Andernorts fehlt es vor allem an bedarfsgerechtem Wohnraum. So wird es f\u00fcr weite Teile der Bev\u00f6lkerung von einkommensschwachen Haushalten bis zur Mittelschicht, f\u00fcr Studierende oder Senior\/-innen immer schwieriger, bezahlbaren und angemessenen Wohnraum zu finden. Dabei st\u00e4nden durchaus geeignete Politiken und Instrumente f\u00fcr eine sozial gerechte Wohnraumversorgung zur Verf\u00fcgung.<\/p>\n","protected":false},"excerpt":{"rendered":"<p>Kurzbeschreibung: St\u00e4dte und Regionen sind mit einer Vielzahl an Wohnungsfragen konfrontiert: In wachsenden Metropolregionen und Mittelst\u00e4dten in Deutschland steigen Mieten und Bodenpreise seit Jahren. Andernorts fehlt es vor allem an bedarfsgerechtem Wohnraum. So wird es f\u00fcr weite Teile der Bev\u00f6lkerung von einkommensschwachen Haushalten bis zur Mittelschicht, f\u00fcr Studierende oder Senior\/-innen immer schwieriger, bezahlbaren und angemessenen [&hellip;]<\/p>\n","protected":false},"featured_media":1946,"template":"","meta":{"_acf_changed":true},"publication_category":[13],"class_list":["post-2483","publikation","type-publikation","status-publish","has-post-thumbnail","hentry","publication_category-veroeffentlichungen-aus-dem-kollegium"],"acf":[],"_links":{"self":[{"href":"https:\/\/gewohnter-wandel.de\/en\/wp-json\/wp\/v2\/publikation\/2483","targetHints":{"allow":["GET"]}}],"collection":[{"href":"https:\/\/gewohnter-wandel.de\/en\/wp-json\/wp\/v2\/publikation"}],"about":[{"href":"https:\/\/gewohnter-wandel.de\/en\/wp-json\/wp\/v2\/types\/publikation"}],"wp:featuredmedia":[{"embeddable":true,"href":"https:\/\/gewohnter-wandel.de\/en\/wp-json\/wp\/v2\/media\/1946"}],"wp:attachment":[{"href":"https:\/\/gewohnter-wandel.de\/en\/wp-json\/wp\/v2\/media?parent=2483"}],"wp:term":[{"taxonomy":"publication_category","embeddable":true,"href":"https:\/\/gewohnter-wandel.de\/en\/wp-json\/wp\/v2\/publication_category?post=2483"}],"curies":[{"name":"wp","href":"https:\/\/api.w.org\/{rel}","templated":true}]}}