{"id":4094,"date":"2026-01-08T19:08:20","date_gmt":"2026-01-08T18:08:20","guid":{"rendered":"https:\/\/gewohnter-wandel.de\/?post_type=publikation&#038;p=4094"},"modified":"2026-01-17T12:32:36","modified_gmt":"2026-01-17T11:32:36","slug":"caring-cities-potenziale-fuer-eine-nachhaltige-und-soziale-stadtentwicklung","status":"publish","type":"publikation","link":"https:\/\/gewohnter-wandel.de\/en\/publikation\/caring-cities-potenziale-fuer-eine-nachhaltige-und-soziale-stadtentwicklung\/","title":{"rendered":"Caring Cities &#8211; Potenziale f\u00fcr eine nachhaltige und soziale Stadtentwicklung?"},"content":{"rendered":"\n<p>In den letzten Jahren hat die \u201eCaring City\u201c als Konzept zur \u00dcberwindung der vielf\u00e4ltigen Care-Krisen in vielen St\u00e4dten weltweit Eingang in feministische und st\u00e4dtebauliche Debatten und in die Kommunalpolitik gefunden. In einer Studie im Auftrag des vhw untersuchten die Autorinnen Sandra Huning und Hannah M\u00fcller an der Bauhaus-Universit\u00e4t Weimar, Fakult\u00e4t Architektur und Urbanistik, von Dezember 2023 bis September 2024 die Entstehung, die Umsetzung und das Potenzial von Caring Cities f\u00fcr eine nachhaltige und sozial gerechte Stadtentwicklungspolitik. Auf Grundlage einer internationalen Literaturrecherche und ausgew\u00e4hlter Fallstudien stellt dieser Bericht die Ergebnisse der Studie vor. Er gibt einen \u00dcberblick \u00fcber die Caring-City-Politik in ausgew\u00e4hlten St\u00e4dten in Europa und Lateinamerika, \u00fcber ihre Entstehung, Ziele und wesentlichen Elemente. Caring-City-Ma\u00dfnahmen und -Projekte\u00a0 reichen von integrierten Care-Strategien \u00fcber Care-Systeme und Care- Zentren auf Nachbarschafts- und Quartiersebene bis hin zu Netzwerken zur\u00a0 gegenseitigen Unterst\u00fctzung und gesellschaftlichen Sensibilisierung. Der Bericht benennt und beschreibt die zentralen Bausteine und diskutiert, unter\u00a0 welchen Voraussetzungen diese auch im deutschsprachigen Raum bei\u00a0 unterschiedlichen lokalen Akteuren Anwendung finden k\u00f6nnen.<\/p>\n\n\n\n<p>Huning, S., &amp; M\u00fcller, H. (2025).\u00a0<em>Caring Cities &#8211; Potenziale f\u00fcr eine nachhaltige und soziale Stadtentwicklung?<\/em>\u00a0(IfEU.OPEN). Institut f\u00fcr Europ\u00e4ische Urbanistik. https:\/\/doi.org\/10.25643\/dbt.68371<\/p>\n\n\n\n<p><\/p>\n","protected":false},"excerpt":{"rendered":"<p>In den letzten Jahren hat die \u201eCaring City\u201c als Konzept zur \u00dcberwindung der vielf\u00e4ltigen Care-Krisen in vielen St\u00e4dten weltweit Eingang in feministische und st\u00e4dtebauliche Debatten und in die Kommunalpolitik gefunden. In einer Studie im Auftrag des vhw untersuchten die Autorinnen Sandra Huning und Hannah M\u00fcller an der Bauhaus-Universit\u00e4t Weimar, Fakult\u00e4t Architektur und Urbanistik, von Dezember [&hellip;]<\/p>\n","protected":false},"featured_media":4095,"template":"","meta":{"_acf_changed":false},"publication_category":[11],"class_list":["post-4094","publikation","type-publikation","status-publish","has-post-thumbnail","hentry","publication_category-veroeffentlichungen-der-kollegiatinnen"],"acf":[],"_links":{"self":[{"href":"https:\/\/gewohnter-wandel.de\/en\/wp-json\/wp\/v2\/publikation\/4094","targetHints":{"allow":["GET"]}}],"collection":[{"href":"https:\/\/gewohnter-wandel.de\/en\/wp-json\/wp\/v2\/publikation"}],"about":[{"href":"https:\/\/gewohnter-wandel.de\/en\/wp-json\/wp\/v2\/types\/publikation"}],"wp:featuredmedia":[{"embeddable":true,"href":"https:\/\/gewohnter-wandel.de\/en\/wp-json\/wp\/v2\/media\/4095"}],"wp:attachment":[{"href":"https:\/\/gewohnter-wandel.de\/en\/wp-json\/wp\/v2\/media?parent=4094"}],"wp:term":[{"taxonomy":"publication_category","embeddable":true,"href":"https:\/\/gewohnter-wandel.de\/en\/wp-json\/wp\/v2\/publication_category?post=4094"}],"curies":[{"name":"wp","href":"https:\/\/api.w.org\/{rel}","templated":true}]}}