{"id":4125,"date":"2026-01-09T19:04:15","date_gmt":"2026-01-09T18:04:15","guid":{"rendered":"https:\/\/gewohnter-wandel.de\/?post_type=publikation&#038;p=4125"},"modified":"2026-01-09T19:04:20","modified_gmt":"2026-01-09T18:04:20","slug":"zwischen-marktglaeubigkeit-und-vergesellschaftung-wer-gestaltet-wohnungspolitik","status":"publish","type":"publikation","link":"https:\/\/gewohnter-wandel.de\/en\/publikation\/zwischen-marktglaeubigkeit-und-vergesellschaftung-wer-gestaltet-wohnungspolitik\/","title":{"rendered":"Zwischen Marktgl\u00e4ubigkeit und Vergesellschaftung: Wer gestaltet Wohnungspolitik?"},"content":{"rendered":"\n<p>Die fortschreitende Urbanisierung und das vermehrte Einstr\u00f6men von globalem anlagesuchenden Kapital in den deutschen Wohnimmobilienmarkt f\u00fchren zu einer \u201eR\u00fcckkehr der Wohnungsfrage\u201c. W\u00e4hrend die Gentrifizierung immer peripherer gelegene Stadtteile erfasst, wird es f\u00fcr viele Haushalte immer schwieriger, nicht in prek\u00e4re Wohnverh\u00e4ltnisse oder Wohnungsnot zu geraten und somit erhebliche Einschr\u00e4nkungen der Lebensqualit\u00e4t und demokratischer Partizipationsm\u00f6glichkeiten zu erfahren. Der Beitrag von Johanna Betz f\u00fchrt zun\u00e4chst anhand von Statistiken schlaglichtartig aus, wie sich die derzeitige Wohnungsnot \u00e4u\u00dfert und erl\u00e4utert regulative Schritte, die zum fortschreitenden Abschmelzen bezahlbarer Best\u00e4nde f\u00fchrten und dies weiter bedingen. Anschlie\u00dfend pr\u00e4sentiert die Autorin aktuelle Debatten \u00fcber eine gerechte Wohnversorgung, die im Spannungsfeld von Vergesellschaftung und privatwirtschaftlich orientierter Wohnungspolitik verhandelt wird.<\/p>\n\n\n\n<p>Betz, J. (2022). Zwischen Marktgl\u00e4ubigkeit und Vergesellschaftung: Wer gestaltet Wohnungspolitik? <em>B\u00fcrger &amp; Staat, 72<\/em>(1\u20132), 43\u201349. Stuttgart: Landeszentrale f\u00fcr politische Bildung Baden-W\u00fcrttemberg. <a href=\"https:\/\/www.buergerundstaat.de\/1_2_22\/oeffentliche_infrastrukturen.pdf\" target=\"_blank\" rel=\"noopener\">https:\/\/www.buergerundstaat.de\/1_2_22\/oeffentliche_infrastrukturen.pdf<\/a><\/p>\n","protected":false},"excerpt":{"rendered":"<p>Die fortschreitende Urbanisierung und das vermehrte Einstr\u00f6men von globalem anlagesuchenden Kapital in den deutschen Wohnimmobilienmarkt f\u00fchren zu einer \u201eR\u00fcckkehr der Wohnungsfrage\u201c. W\u00e4hrend die Gentrifizierung immer peripherer gelegene Stadtteile erfasst, wird es f\u00fcr viele Haushalte immer schwieriger, nicht in prek\u00e4re Wohnverh\u00e4ltnisse oder Wohnungsnot zu geraten und somit erhebliche Einschr\u00e4nkungen der Lebensqualit\u00e4t und demokratischer Partizipationsm\u00f6glichkeiten zu erfahren. [&hellip;]<\/p>\n","protected":false},"featured_media":4126,"template":"","meta":{"_acf_changed":true},"publication_category":[199],"class_list":["post-4125","publikation","type-publikation","status-publish","has-post-thumbnail","hentry","publication_category-publications-of-the-associate-members"],"acf":[],"_links":{"self":[{"href":"https:\/\/gewohnter-wandel.de\/en\/wp-json\/wp\/v2\/publikation\/4125","targetHints":{"allow":["GET"]}}],"collection":[{"href":"https:\/\/gewohnter-wandel.de\/en\/wp-json\/wp\/v2\/publikation"}],"about":[{"href":"https:\/\/gewohnter-wandel.de\/en\/wp-json\/wp\/v2\/types\/publikation"}],"wp:featuredmedia":[{"embeddable":true,"href":"https:\/\/gewohnter-wandel.de\/en\/wp-json\/wp\/v2\/media\/4126"}],"wp:attachment":[{"href":"https:\/\/gewohnter-wandel.de\/en\/wp-json\/wp\/v2\/media?parent=4125"}],"wp:term":[{"taxonomy":"publication_category","embeddable":true,"href":"https:\/\/gewohnter-wandel.de\/en\/wp-json\/wp\/v2\/publication_category?post=4125"}],"curies":[{"name":"wp","href":"https:\/\/api.w.org\/{rel}","templated":true}]}}