{"id":4127,"date":"2026-01-09T19:07:20","date_gmt":"2026-01-09T18:07:20","guid":{"rendered":"https:\/\/gewohnter-wandel.de\/?post_type=publikation&#038;p=4127"},"modified":"2026-01-09T19:07:23","modified_gmt":"2026-01-09T18:07:23","slug":"die-frankfurter-sommerschule-kritische-wohnungsforschung","status":"publish","type":"publikation","link":"https:\/\/gewohnter-wandel.de\/en\/publikation\/die-frankfurter-sommerschule-kritische-wohnungsforschung\/","title":{"rendered":"Die Frankfurter Sommerschule \u201eKritische Wohnungsforschung"},"content":{"rendered":"\n<p>Mit der Sommerschule \u201eKritische Wohnungsforschung. Theorie und Praxis einer progressiven Wohnungspolitik\u201c haben Wissenschaftler*innen des Instituts f\u00fcr Humangeographie der Goethe-Universit\u00e4t Frankfurt am Main ein interaktives und im Zweijahresrhythmus stattfindendes Format etabliert, das progressive Debatten rund um Wohnungsmarktentwicklungen und -politik f\u00f6rdert. Bisher gibt es \u2013 trotz der gesellschaftspolitischen Relevanz der Wohnungsfrage \u2013 nur wenige Plattformen, \u00fcber die l\u00e4ngerfristig produktive und inspirierende Verbindungen zwischen Wissenschaft, Aktivismus, Verwaltung und Politik gest\u00e4rkt und neu gekn\u00fcpft werden k\u00f6nnen und auf denen sich die jeweiligen Akteur*innen austauschen k\u00f6nnen. Dementsprechend gro\u00df war das Interesse, auf das das Angebot der Sommerschule gesto\u00dfen ist. Daher wurde das Programm der ersten, digital stattfindenden Sommerschule bei der zweiten Ausrichtung f\u00fcr einen anderen Personenkreis mit einem inhaltlich \u00e4hnlichen Fokus wiederholt. Zum zweiten Mal fand die Sommerschule im September 2022 statt. Dieser Kurzbericht spiegelt wider, was die Sommerschule ausmacht, und dokumentiert schlaglichtartig, welche inhaltlichen Schwerpunkte bisher gesetzt wurden.<\/p>\n\n\n\n<p>Betz, J. (2023). Die Frankfurter Sommerschule \u201eKritische Wohnungsforschung\u201c. <em>sub\\urban. zeitschrift f\u00fcr kritische stadtforschung, 11<\/em>(1\/2), 341\u2013346. <a href=\"https:\/\/doi.org\/10.36900\/suburban.v11i1\/2.857\" target=\"_blank\" rel=\"noopener\">https:\/\/doi.org\/10.36900\/suburban.v11i1\/2.857 <span><a href=\"javascript:\"><img decoding=\"async\" identifier=\"10.36900\/suburban.v11i1\/2.857\" identifiertype=\"1\" title=\"Titel anhand dieser DOI in Citavi-Projekt \u00fcbernehmen\" class=\"citavipicker\" style=\"border: 0px none!important;width: 16px!important;height: 16px!important;margin-left:1px !important;margin-right:1px !important;\" src=\"data:image\/svg+xml;base64,PD94bWwgdmVyc2lvbj0iMS4wIiBlbmNvZGluZz0idXRmLTgiPz48IURPQ1RZUEUgc3ZnIFBVQkxJQyAiLS8vVzNDLy9EVEQgU1ZHIDEuMS8vRU4iICJodHRwOi8vd3d3LnczLm9yZy9HcmFwaGljcy9TVkcvMS4xL0RURC9zdmcxMS5kdGQiPjxzdmcgdmVyc2lvbj0iMS4xIiBpZD0iRWJlbmVfMSIgeG1sbnM9Imh0dHA6Ly93d3cudzMub3JnLzIwMDAvc3ZnIiB4bWxuczp4bGluaz0iaHR0cDovL3d3dy53My5vcmcvMTk5OS94bGluayIgeD0iMHB4IiB5PSIwcHgiIHdpZHRoPSIxNnB4IiBoZWlnaHQ9IjE2cHgiIHZpZXdCb3g9IjAgMCAxNiAxNiIgZW5hYmxlLWJhY2tncm91bmQ9Im5ldyAwIDAgMTYgMTYiIHhtbDpzcGFjZT0icHJlc2VydmUiPjxnPjxnPjxwYXRoIGZpbGw9IiNGRkZGRkYiIGQ9Ik04LjAwMSwxNS41QzMuODY0LDE1LjUsMC41LDEyLjEzNiwwLjUsOGMwLTQuMTM1LDMuMzY1LTcuNSw3LjUwMS03LjVTMTUuNSwzLjg2NCwxNS41LDhTMTIuMTM3LDE1LjUsOC4wMDEsMTUuNXoiLz48cGF0aCBmaWxsPSIjRDUyQjFFIiBkPSJNOC4wMDEsMUMxMS44NiwxLDE1LDQuMTQxLDE1LDhzLTMuMTM5LDctNi45OTksN0M0LjE0LDE1LDEsMTEuODU5LDEsOFM0LjE0LDEsOC4wMDEsMSBNOC4wMDEsMEMzLjU4MiwwLDAsMy41ODIsMCw4czMuNTgyLDgsOC4wMDEsOEMxMi40MTgsMTYsMTYsMTIuNDE4LDE2LDhTMTIuNDE4LDAsOC4wMDEsMEw4LjAwMSwweiIvPjwvZz48cGF0aCBmaWxsPSIjRDUyQjFFIiBkPSJNNi43NDUsMTIuNTg5Yy0wLjIyNywwLjEyMi0wLjQ5NywwLjI0Ny0wLjY4NCwwLjI0N2MtMC4zMTgsMC0wLjUwMS0wLjE2NC0wLjUwMS0wLjQ1MmMwLTAuMjA3LDAuMTQtMC4zNzUsMC41OTUtMC42MjJjMS41NDktMC45MDQsMi41OTQtMi4yNzIsMi41OTQtMy43MjFjMC0wLjgyNS0wLjIyNy0xLjExOS0wLjY4MS0xLjExOWMtMC4xMzUsMC0wLjMyLDAuMjE5LTAuNjM2LDAuMjE5SDcuMTU3QzYuMTAyLDcuMTQzLDUuMzMzLDYuMjY0LDUuMzMzLDUuMjNjMC0xLjE1MiwwLjk1OC0yLjAwNiwyLjI4LTIuMDA2YzEuNzc3LDAsMy4wNTMsMS4zNzMsMy4wNTMsMy40M0MxMC42NjYsOS4yMTUsOS4yMDMsMTEuMjcsNi43NDUsMTIuNTg5Ii8+PC9nPjwvc3ZnPg\" alt=\"\"><\/a><\/span><\/a><\/p>\n","protected":false},"excerpt":{"rendered":"<p>Mit der Sommerschule \u201eKritische Wohnungsforschung. Theorie und Praxis einer progressiven Wohnungspolitik\u201c haben Wissenschaftler*innen des Instituts f\u00fcr Humangeographie der Goethe-Universit\u00e4t Frankfurt am Main ein interaktives und im Zweijahresrhythmus stattfindendes Format etabliert, das progressive Debatten rund um Wohnungsmarktentwicklungen und -politik f\u00f6rdert. Bisher gibt es \u2013 trotz der gesellschaftspolitischen Relevanz der Wohnungsfrage \u2013 nur wenige Plattformen, \u00fcber die [&hellip;]<\/p>\n","protected":false},"featured_media":4129,"template":"","meta":{"_acf_changed":true},"publication_category":[188],"class_list":["post-4127","publikation","type-publikation","status-publish","has-post-thumbnail","hentry","publication_category-veroeffentlichungen-der-assoziierten"],"acf":[],"_links":{"self":[{"href":"https:\/\/gewohnter-wandel.de\/en\/wp-json\/wp\/v2\/publikation\/4127","targetHints":{"allow":["GET"]}}],"collection":[{"href":"https:\/\/gewohnter-wandel.de\/en\/wp-json\/wp\/v2\/publikation"}],"about":[{"href":"https:\/\/gewohnter-wandel.de\/en\/wp-json\/wp\/v2\/types\/publikation"}],"wp:featuredmedia":[{"embeddable":true,"href":"https:\/\/gewohnter-wandel.de\/en\/wp-json\/wp\/v2\/media\/4129"}],"wp:attachment":[{"href":"https:\/\/gewohnter-wandel.de\/en\/wp-json\/wp\/v2\/media?parent=4127"}],"wp:term":[{"taxonomy":"publication_category","embeddable":true,"href":"https:\/\/gewohnter-wandel.de\/en\/wp-json\/wp\/v2\/publication_category?post=4127"}],"curies":[{"name":"wp","href":"https:\/\/api.w.org\/{rel}","templated":true}]}}