{"id":4303,"date":"2026-04-04T11:15:09","date_gmt":"2026-04-04T09:15:09","guid":{"rendered":"https:\/\/gewohnter-wandel.de\/?post_type=veranstaltung&#038;p=4303"},"modified":"2026-04-21T11:00:49","modified_gmt":"2026-04-21T09:00:49","slug":"baukultur-gespraech-wohnungsfrage-stadtland","status":"publish","type":"veranstaltung","link":"https:\/\/gewohnter-wandel.de\/en\/veranstaltung\/baukultur-gespraech-wohnungsfrage-stadtland\/","title":{"rendered":"Baukultur-Gespr\u00e4ch \u201eWohnungsfrage StadtLand\u201c"},"content":{"rendered":"\n<p>Neuer Wohnraumbedarf in den St\u00e4dten und Leerstand auf dem Land \u2013 Platzmangel hier, \u00dcberangebot dort. In Th\u00fcringen geht es um beides, gleichzeitig. Die Wohnungsfrage im Freistaat ist zugleich eine Frage des Ausgleichs und der Kooperation. Und sie kann zum Angebot an ein zukunftsf\u00e4higes StadtLand werden.<\/p>\n\n\n<div class=\"wp-block-image\">\n<figure class=\"aligncenter size-full\"><img loading=\"lazy\" decoding=\"async\" width=\"1024\" height=\"767\" src=\"https:\/\/gewohnter-wandel.de\/wp-content\/uploads\/170804_Saalfeld_SommerfestAlteKaserne_022.jpg\" alt=\"\" class=\"wp-image-4304\" srcset=\"https:\/\/gewohnter-wandel.de\/wp-content\/uploads\/170804_Saalfeld_SommerfestAlteKaserne_022.jpg 1024w, https:\/\/gewohnter-wandel.de\/wp-content\/uploads\/170804_Saalfeld_SommerfestAlteKaserne_022-480x360.jpg 480w, https:\/\/gewohnter-wandel.de\/wp-content\/uploads\/170804_Saalfeld_SommerfestAlteKaserne_022-640x479.jpg 640w, https:\/\/gewohnter-wandel.de\/wp-content\/uploads\/170804_Saalfeld_SommerfestAlteKaserne_022-720x539.jpg 720w, https:\/\/gewohnter-wandel.de\/wp-content\/uploads\/170804_Saalfeld_SommerfestAlteKaserne_022-960x719.jpg 960w\" sizes=\"auto, (max-width: 1024px) 100vw, 1024px\" \/><figcaption class=\"wp-element-caption\">Foto: Thomas M\u00fcller<\/figcaption><\/figure>\n<\/div>\n\n\n<p>Im Baukultur-Gespr\u00e4ch im Eiermannbau Apolda diskutieren wir Perspektiven aus Praxis und Wissenschaft auf Herausforderungen und neue Strategien zur Wohnungsfrage in Th\u00fcringen: von der kommunalen Boden- und Fl\u00e4chenpolitik, gemeinwohlorientiertem Handeln, \u00fcber kluge Wohnsituationen und -typologien f\u00fcr eine weniger werdende und alternde Bev\u00f6lkerung bis zum einfachen und bezahlbaren (Um)Bauen. Bestand ist daf\u00fcr der Ausgangspunkt \u2013 Kreativit\u00e4t ist also gefragt!<\/p>\n\n\n\n<p>Die Veranstaltung findet in Kooperation mit dem DFG-Graduiertenkolleg \u201eGewohnter Wandel\u201c der Bauhaus-Universit\u00e4t Weimar und der Goethe-Universit\u00e4t Frankfurt statt. Im Rahmen des Baukultur-Gespr\u00e4chs wird die Ausstellung \u201eL\u00fccken f\u00fcllen \u2013 Wohnraum schaffen\u201c der W\u00fcstenrot Stiftung er\u00f6ffnet.<\/p>\n\n\n\n<p>Wir freuen uns auf den Austausch und laden Sie herzlich ein, sich am Gespr\u00e4ch zu beteiligen.<\/p>\n\n\n\n<p><strong>Anmeldung unter:<\/strong><\/p>\n\n\n\n<p><a href=\"mailto:info@baukultur-thueringen.de\">info@baukultur-thueringen.de<\/a><\/p>\n\n\n\n<h2 class=\"wp-block-heading\">Programm<\/h2>\n\n\n\n<p><strong>17 Uhr: Begr\u00fc\u00dfung im Eiermannbau Apolda<\/strong><\/p>\n\n\n\n<ul class=\"wp-block-list\">\n<li>Katja Fischer, Gesch\u00e4ftsf\u00fchrende Vorst\u00e4ndin Stiftung Baukultur Th\u00fcringen<\/li>\n\n\n\n<li>Kathrin Mei\u00dfner,\u00a0Wissenschaftliche Koordination des DFG-Graduiertenkolleg 2892 \u201eGewohnter Wandel\u201c\u00a0<\/li>\n<\/ul>\n\n\n\n<p><strong>17.20 Uhr:&nbsp;<\/strong><strong>Fishbowl zur Wohnungsfrage<\/strong><\/p>\n\n\n\n<ul class=\"wp-block-list\">\n<li>Frank Bachmann, Fachbereichsleiter Bau- und Stadtentwicklung, Stadt P\u00f6\u00dfneck<\/li>\n\n\n\n<li>Dr. Martin Gude, Abteilungsleiter Bauen, Wohnen und Stadtentwicklung, Th\u00fcringer Ministerium f\u00fcr Digitales und Infrastruktur<\/li>\n\n\n\n<li>Bettina Lehmann, Mitarbeiterin Projekt\u00a0\u201eW\u00e4rmewende im Geb\u00e4udebestand\u201c Ernst-Abbe-Hochschule Jena<\/li>\n\n\n\n<li>Prof. Dr.-Ing. Barbara Sch\u00f6nig, Professur Stadtplanung, Bauhaus-Universit\u00e4t Weimar &amp; Sprecherin des DFG-Graduiertenkollegs\u00a0\u201eGewohnter Wandel<\/li>\n<\/ul>\n\n\n\n<p><strong>18.30 Uhr: Ausstellungsrundgang \u201eL\u00fccken f\u00fcllen \u2013 Wohnraum schaffen\u201c<\/strong><\/p>\n\n\n\n<p>Veranstaltungsort: Eiermannbau, Auenstra\u00dfe 11, 99510 Apolda<\/p>\n","protected":false},"excerpt":{"rendered":"<p>Neuer Wohnraumbedarf in den St\u00e4dten und Leerstand auf dem Land \u2013 Platzmangel hier, \u00dcberangebot dort. In Th\u00fcringen geht es um beides, gleichzeitig. Die Wohnungsfrage im Freistaat ist zugleich eine Frage des Ausgleichs und der Kooperation. Und sie kann zum Angebot an ein zukunftsf\u00e4higes StadtLand werden. Im Baukultur-Gespr\u00e4ch im Eiermannbau Apolda diskutieren wir Perspektiven aus Praxis [&hellip;]<\/p>\n","protected":false},"featured_media":4304,"template":"","meta":{"_acf_changed":true},"event_category":[196],"class_list":["post-4303","veranstaltung","type-veranstaltung","status-publish","has-post-thumbnail","hentry","event_category-sommersemester-2026"],"acf":[],"_links":{"self":[{"href":"https:\/\/gewohnter-wandel.de\/en\/wp-json\/wp\/v2\/veranstaltung\/4303","targetHints":{"allow":["GET"]}}],"collection":[{"href":"https:\/\/gewohnter-wandel.de\/en\/wp-json\/wp\/v2\/veranstaltung"}],"about":[{"href":"https:\/\/gewohnter-wandel.de\/en\/wp-json\/wp\/v2\/types\/veranstaltung"}],"wp:featuredmedia":[{"embeddable":true,"href":"https:\/\/gewohnter-wandel.de\/en\/wp-json\/wp\/v2\/media\/4304"}],"wp:attachment":[{"href":"https:\/\/gewohnter-wandel.de\/en\/wp-json\/wp\/v2\/media?parent=4303"}],"wp:term":[{"taxonomy":"event_category","embeddable":true,"href":"https:\/\/gewohnter-wandel.de\/en\/wp-json\/wp\/v2\/event_category?post=4303"}],"curies":[{"name":"wp","href":"https:\/\/api.w.org\/{rel}","templated":true}]}}